{"id":10120,"date":"2019-01-25T06:10:17","date_gmt":"2019-01-25T04:10:17","guid":{"rendered":"https:\/\/www.ingridslaa.nl\/ausstellungen-im-ueberblick\/"},"modified":"2026-04-01T10:49:20","modified_gmt":"2026-04-01T08:49:20","slug":"ausstellungen-im-ueberblick","status":"publish","type":"page","link":"https:\/\/www.ingridslaa.nl\/de\/ausstellungen-im-ueberblick\/","title":{"rendered":"Ausstellungen im \u00dcberblick"},"content":{"rendered":"<div id='av_section_1'  class='avia-section av-44n5u2-59a890725146707a2663c5d7d2aeeab6 main_color avia-section-default avia-no-border-styling  avia-builder-el-0  el_before_av_one_fifth  avia-builder-el-first  avia-bg-style-scroll container_wrap fullsize'  ><div class='container av-section-cont-open' ><main  role=\"main\" itemprop=\"mainContentOfPage\"  class='template-page content  av-content-full alpha units'><div class='post-entry post-entry-type-page post-entry-10120'><div class='entry-content-wrapper clearfix'><\/div><\/div><\/main><!-- close content main element --><\/div><\/div><div id='after_section_1'  class='main_color av_default_container_wrap container_wrap fullsize'  ><div class='container av-section-cont-open' ><div class='template-page content  av-content-full alpha units'><div class='post-entry post-entry-type-page post-entry-10120'><div class='entry-content-wrapper clearfix'>\n\n<style type=\"text\/css\" data-created_by=\"avia_inline_auto\" id=\"style-css-av-cqrai-a49bb4676c86689b9ab47bd65c1de79c\">\n.flex_column.av-cqrai-a49bb4676c86689b9ab47bd65c1de79c{\nborder-radius:0px 0px 0px 0px;\npadding:0px 0px 0px 0px;\n}\n<\/style>\n<div  class='flex_column av-cqrai-a49bb4676c86689b9ab47bd65c1de79c av_one_fifth  avia-builder-el-1  el_after_av_section  el_before_av_three_fifth  avia-builder-el-first  first flex_column_div av-zero-column-padding  '     ><\/div>\n\n<style type=\"text\/css\" data-created_by=\"avia_inline_auto\" id=\"style-css-av-8lkx6-46639a6b3fc867873fecffaa4a880702\">\n.flex_column.av-8lkx6-46639a6b3fc867873fecffaa4a880702{\nborder-radius:0px 0px 0px 0px;\npadding:0px 0px 0px 0px;\n}\n<\/style>\n<div  class='flex_column av-8lkx6-46639a6b3fc867873fecffaa4a880702 av_three_fifth  avia-builder-el-2  el_after_av_one_fifth  el_before_av_one_fifth  flex_column_div av-zero-column-padding  '     ><p>\n<style type=\"text\/css\" data-created_by=\"avia_inline_auto\" id=\"style-css-av-klamg0wz-60c6705eb511945baa614f9d9b0b19f5\">\n#top .av-special-heading.av-klamg0wz-60c6705eb511945baa614f9d9b0b19f5{\npadding-bottom:10px;\n}\nbody .av-special-heading.av-klamg0wz-60c6705eb511945baa614f9d9b0b19f5 .av-special-heading-tag .heading-char{\nfont-size:25px;\n}\n.av-special-heading.av-klamg0wz-60c6705eb511945baa614f9d9b0b19f5 .av-subheading{\nfont-size:15px;\n}\n<\/style>\n<div  class='av-special-heading av-klamg0wz-60c6705eb511945baa614f9d9b0b19f5 av-special-heading-h1 blockquote modern-quote  avia-builder-el-3  el_before_av_hr  avia-builder-el-first  av-linked-heading'><h1 class='av-special-heading-tag '  itemprop=\"headline\"  >Messe\u00fcbersicht<\/h1><div class=\"special-heading-border\"><div class=\"special-heading-inner-border\"><\/div><\/div><\/div><br \/>\n<div  class='hr av-497rre-5b34f0805d8e051c3af8aac785a730bd hr-default  avia-builder-el-4  el_after_av_heading  el_before_av_textblock '><span class='hr-inner '><span class=\"hr-inner-style\"><\/span><\/span><\/div><br \/>\n<section  class='av_textblock_section av-jrbnchgo-d79e8e0b5a3764ceef1db17234f31915 '   itemscope=\"itemscope\" itemtype=\"https:\/\/schema.org\/CreativeWork\" ><div class='avia_textblock'  itemprop=\"text\" ><p><strong>2026<\/strong><\/p>\n<p>12-09-26 t\/m 27-09-26 Oltre i confini, Perugia, Italien<br \/>\n06-06-26 und 04-07-26 Rondje Oldebroek<br \/>\n15-04-26 t\/m 01-05-26 Krul Lelystad, Kunstenaars Flevoland<br \/>\n06-03-26 t\/m 15-03-26 Kunsthuis, Gruyterfabriek, &#8217;s Hertogenbosch<br \/>\n09-02-26 t\/m 27-03-26 KEG Schijndel, mit Nelleke Ponsteen und Adrie van Zalk<br \/>\n07-02-26 t\/m 05-07-26 Noord-Veluws Kunstmuseum, Nunspeet<\/p>\n<\/div><\/section><br \/>\n<div  class='hr av-2osire-41aa65dd53ec945712a048664262f373 hr-default  avia-builder-el-6  el_after_av_textblock  el_before_av_textblock '><span class='hr-inner '><span class=\"hr-inner-style\"><\/span><\/span><\/div><br \/>\n<section  class='av_textblock_section av-mhp8k0pb-409e59b5f1d1ac2f5978434f7c0a9c6b '   itemscope=\"itemscope\" itemtype=\"https:\/\/schema.org\/CreativeWork\" ><div class='avia_textblock'  itemprop=\"text\" ><p><strong>2025<\/strong><\/p>\n<p>05-12-25 bis 14-12-25 Christmas Sale, WG Kunst, Amsterdam<br \/>\n22-11-25 bis 02-01-26 Kleintje Kunst, Galerie Ateliers, Oranjerie, Apeldoorn<br \/>\n20-11-25 bis 07-12-25 H A R T, Saeckenborgh, Almere<br \/>\n24-10-25 bis 03-11-25 BREEKijzer breekt uit 4.0, Mollenwerf, Hengelo<br \/>\n04-10-25 und 05-10-25 Tour of Art Flevoland<br \/>\n30-08-25 bis 14-09-25 Oltre i confini, Perugia, Italien<br \/>\n08-08-25 bis 21-09-25 &#8218;t Wringt, met Nelleke Ponsteen, Koppelkerk, Bredevoort<br \/>\n06-07-25 bis Oct 25 Natuurkunstpark, Lelystad<br \/>\n04-06-25 bis Oct 25 Fresh legs, Galleri Heike Arndt DK, Berlin<br \/>\n18-04-25 bis 21-04-25 Common ground, mit Nelleke Ponsteen und Tamara Jungnickel KEK, Epe<br \/>\n05-03-25 bis 27-03-25 Taalbeeld, Kunstenaars Flevoland, Krul Lelystad<br \/>\n11-01-25 bis 16-02-25 Achter de Stilte, Pictura Dordrecht<\/p>\n<\/div><\/section><br \/>\n\n<style type=\"text\/css\" data-created_by=\"avia_inline_auto\" id=\"style-css-av-jrbnl5gx-88a3d2fdc01c8c47ee8702499df9bf30\">\n#top .hr.av-jrbnl5gx-88a3d2fdc01c8c47ee8702499df9bf30{\nmargin-top:0px;\nmargin-bottom:10px;\n}\n.hr.av-jrbnl5gx-88a3d2fdc01c8c47ee8702499df9bf30 .hr-inner{\nwidth:100%;\n}\n<\/style>\n<div  class='hr av-jrbnl5gx-88a3d2fdc01c8c47ee8702499df9bf30 hr-custom  avia-builder-el-8  el_after_av_textblock  el_before_av_textblock  hr-center hr-icon-no'><span class='hr-inner inner-border-av-border-thin'><span class=\"hr-inner-style\"><\/span><\/span><\/div><br \/>\n<section  class='av_textblock_section av-2o68ai-32cfbb812ea3b34abd9e64418331096f '   itemscope=\"itemscope\" itemtype=\"https:\/\/schema.org\/CreativeWork\" ><div class='avia_textblock'  itemprop=\"text\" ><p><strong>2024<\/strong><\/p>\n<p>11-12-24 t\/m 20-12-24 KunstCadeau, Kunstenaars Flevoland, Krul Lelystad<br \/>\n30-11-24 t\/m 22-12-24 KunstHIJsa, KEK Epe<br \/>\n01-11-24 t\/m 30-12-24 KunstKring Nunspeet, Veluvine<br \/>\n05-10-24 t\/m 06-10-24 Tour of Art Flevoland, Krul, Lelystad<br \/>\n05-09-24 t\/m 27-09-24 Nazomer-salon Kunstenaars Flevoland, Krul, Lelystad<br \/>\n07-09-24 t\/m 08-09-24 Kunstroute Noordwest Veluwe<br \/>\n08-06-24 t\/m 29-09-24 Big Bold Botanic, Dutch Design Hotel Artemis, Amsterdam<br \/>\n08-06-24 t\/m 21-07-24 Breekijzer breekt uit 3.0, Kruisberg, Doetinchem<br \/>\nJuni bis Sept 24 Projekt Schokland<br \/>\n24-05-24 bis 26-05-24 Huntenkunst, Ulft<br \/>\n01-05-24 bis 31-05-24 Kunst in de winkel, Ulft<br \/>\n07-04-24 bis 30-06-24 Florissant, Micksart Gallery, Emmen<br \/>\n15-03-24 t\/m 17-03-24 Veeg lijf, Kunsthuis KEK, Epe<br \/>\n28-02-24 t\/m 25-04-24 Fr\u00fchling, CIVON, Ulft<br \/>\n16-02-24 t\/m 25-02-24 Feeling Blue, Kunsthuis KEK, Epe<\/p>\n<\/div><\/section><br \/>\n\n<style type=\"text\/css\" data-created_by=\"avia_inline_auto\" id=\"style-css-av-8w1n6i-42d93cae38071ecbfd4d5b053e46ad70\">\n#top .hr.av-8w1n6i-42d93cae38071ecbfd4d5b053e46ad70{\nmargin-top:0px;\nmargin-bottom:10px;\n}\n.hr.av-8w1n6i-42d93cae38071ecbfd4d5b053e46ad70 .hr-inner{\nwidth:100%;\n}\n<\/style>\n<div  class='hr av-8w1n6i-42d93cae38071ecbfd4d5b053e46ad70 hr-custom  avia-builder-el-10  el_after_av_textblock  el_before_av_textblock  hr-center hr-icon-no'><span class='hr-inner inner-border-av-border-thin'><span class=\"hr-inner-style\"><\/span><\/span><\/div><br \/>\n<section  class='av_textblock_section av-ltom9b4r-ea0493ec95f191f86a283dfb507cdef3 '   itemscope=\"itemscope\" itemtype=\"https:\/\/schema.org\/CreativeWork\" ><div class='avia_textblock'  itemprop=\"text\" ><p><strong>2023<\/strong><\/p>\n<p>03-11-23 t\/m 26-11-23 Pop Your Big Art, Visserhallen, IJmuiden<br \/>\n01-10-23 t\/m 08-06-24 Museum Elburg<br \/>\n02-07-23 t\/m 01-11-23 Natuurkunstpark, Lelystad<br \/>\n22-05-23 t\/m 29-05-23 Kerkje, Ginnum<br \/>\n12-05-23 bis 14-05-23 Huntenkunst, Ulft<br \/>\n05-05-23 bis 31-05-23 Kunst in de winkel, Ulft<br \/>\n14-01-23 bis 29-01-23 PopYourArt, Haarlem<br \/>\n01-01-23 bis 31-12-23 Light, Wanderausstellung, ArsProDeo und ZOA<\/p>\n<\/div><\/section><br \/>\n\n<style type=\"text\/css\" data-created_by=\"avia_inline_auto\" id=\"style-css-av-oscuy-95db523409d7f84d105acc5c521f2bc5\">\n#top .hr.av-oscuy-95db523409d7f84d105acc5c521f2bc5{\nmargin-top:0px;\nmargin-bottom:10px;\n}\n.hr.av-oscuy-95db523409d7f84d105acc5c521f2bc5 .hr-inner{\nwidth:100%;\n}\n<\/style>\n<div  class='hr av-oscuy-95db523409d7f84d105acc5c521f2bc5 hr-custom  avia-builder-el-12  el_after_av_textblock  el_before_av_textblock  hr-center hr-icon-no'><span class='hr-inner inner-border-av-border-thin'><span class=\"hr-inner-style\"><\/span><\/span><\/div><br \/>\n<section  class='av_textblock_section av-1wtsh6-61d7727b9cf19b119a45bff94b98759f '   itemscope=\"itemscope\" itemtype=\"https:\/\/schema.org\/CreativeWork\" ><div class='avia_textblock'  itemprop=\"text\" ><p><strong>2022<\/strong><\/p>\n<p>25-11-22 bis 10-12-22 Kijknou! Kunst, Nunspeet<br \/>\n25-11-12 t\/m 27-11-12 Art3F Artfair, Br\u00fcssel<br \/>\n22-11-22 t\/m 14-01-23 Visitenkarten, Galerie Paterswolde<br \/>\n17-09-22 t\/m 04-12-22 Klimaatexpo22, Kasteel Het Nijenhuis\/Museum de Fundatie<br \/>\n01-09-22 t\/m 20-11-22 Herbstsalon K\u00fcnstler Flevoland, Nagele<br \/>\n03-07-22 t\/m 01-11-22 Natuurkunstpark, Lelystad<br \/>\n26-05-22 t\/m 04-06-22 Vestingval, Elburg<br \/>\n01-04-22 t\/m 31-05-22 Galerie Gerritse, Middelburg<br \/>\n04-03-22 t\/m 31-12-22 Licht, Wanderausstellung, ArsProDeo und ZOA<\/p>\n<\/div><\/section><br \/>\n\n<style type=\"text\/css\" data-created_by=\"avia_inline_auto\" id=\"style-css-av-5k1ihm-f1f4abd494f4a094a7f428877b79a804\">\n#top .hr.av-5k1ihm-f1f4abd494f4a094a7f428877b79a804{\nmargin-top:0px;\nmargin-bottom:10px;\n}\n.hr.av-5k1ihm-f1f4abd494f4a094a7f428877b79a804 .hr-inner{\nwidth:100%;\n}\n<\/style>\n<div  class='hr av-5k1ihm-f1f4abd494f4a094a7f428877b79a804 hr-custom  avia-builder-el-14  el_after_av_textblock  el_before_av_textblock  hr-center hr-icon-no'><span class='hr-inner inner-border-av-border-thin'><span class=\"hr-inner-style\"><\/span><\/span><\/div><br \/>\n<section  class='av_textblock_section av-39ru4a-5509e0ab2da552cf9f0cde4bb3c95501 '   itemscope=\"itemscope\" itemtype=\"https:\/\/schema.org\/CreativeWork\" ><div class='avia_textblock'  itemprop=\"text\" ><p><strong>2021<\/strong><\/p>\n<p>03-10-21 bis 05-12-21 Micksart Collective, Emmen<br \/>\n11-09-21 bis 31-12-21 Galerie Ingrid Slaa<br \/>\n04-07 21 bis 31-10-21 Natuurkunstpark, Lelystad<br \/>\n02-07-21 bis 04-09-21 Kijk nou! KUNST, Nunspeet 01-07-21 bis 30-08-21 Ausdrucksformen f\u00fcr Gerechtigkeit, Naaldwijk<br \/>\n01-06-21 bis 30-06-21 Ausdrucksformen f\u00fcr Gerechtigkeit, Den Haag<br \/>\n05-04-21 bis 31-05-21 Ausdrucksformen f\u00fcr Gerechtigkeit, Utrecht<br \/>\n01-03-21 bis 04-04-21 Ausdrucksformen f\u00fcr Gerechtigkeit, Amsterdam<\/p>\n<\/div><\/section><br \/>\n\n<style type=\"text\/css\" data-created_by=\"avia_inline_auto\" id=\"style-css-av-48xwtm-3ca7e6505901fcc09ef4fd9b913a7bfd\">\n#top .hr.av-48xwtm-3ca7e6505901fcc09ef4fd9b913a7bfd{\nmargin-top:0px;\nmargin-bottom:10px;\n}\n.hr.av-48xwtm-3ca7e6505901fcc09ef4fd9b913a7bfd .hr-inner{\nwidth:100%;\n}\n<\/style>\n<div  class='hr av-48xwtm-3ca7e6505901fcc09ef4fd9b913a7bfd hr-custom  avia-builder-el-16  el_after_av_textblock  el_before_av_textblock  hr-center hr-icon-no'><span class='hr-inner inner-border-av-border-thin'><span class=\"hr-inner-style\"><\/span><\/span><\/div><br \/>\n<section  class='av_textblock_section av-395jne-e5d97d0de668f3ae7ff11d2786eab778 '   itemscope=\"itemscope\" itemtype=\"https:\/\/schema.org\/CreativeWork\" ><div class='avia_textblock'  itemprop=\"text\" ><p><strong>2020<\/strong><\/p>\n<p>04-09-20 bis 25-10-20 Ausdrucksformen f\u00fcr Gerechtigkeit, Doesburg<br \/>\n01-06-20 bis 15-08-20 Ausdrucksformen f\u00fcr Gerechtigkeit, Amsterdam<br \/>\n01-03-20 bis 31-03-20 Ausdrucksformen f\u00fcr Gerechtigkeit, Bussum<br \/>\n01-02-20 bis 28-02-20 Ausdrucksformen f\u00fcr Gerechtigkeit, Linschoten<\/p>\n<\/div><\/section><br \/>\n\n<style type=\"text\/css\" data-created_by=\"avia_inline_auto\" id=\"style-css-av-2fqine-7a6f9fe10e983ffa62f4d608d4552f01\">\n#top .hr.av-2fqine-7a6f9fe10e983ffa62f4d608d4552f01{\nmargin-top:0px;\nmargin-bottom:10px;\n}\n.hr.av-2fqine-7a6f9fe10e983ffa62f4d608d4552f01 .hr-inner{\nwidth:100%;\n}\n<\/style>\n<div  class='hr av-2fqine-7a6f9fe10e983ffa62f4d608d4552f01 hr-custom  avia-builder-el-18  el_after_av_textblock  el_before_av_textblock  hr-center hr-icon-no'><span class='hr-inner inner-border-av-border-thin'><span class=\"hr-inner-style\"><\/span><\/span><\/div><br \/>\n<section  class='av_textblock_section av-jrbnchgo-20-7142e7ca422b9e3d6fabca08ff9875ae '   itemscope=\"itemscope\" itemtype=\"https:\/\/schema.org\/CreativeWork\" ><div class='avia_textblock'  itemprop=\"text\" ><p><strong>2019<\/strong><\/p>\n<p>16-12-19 bis 06-01-20 Luce, Museum Schokland<br \/>\n07-09-19 bis 12-11-19 De Ontmoeting, Nunspeet<br \/>\n06-07-19 bis 16-08-19 Zomersalon, De Nunspeetse School<br \/>\n23-06-19 bis 01-11-19 Nature Art Park, Lelystad<br \/>30-05-19 bis 08-06-19 Vestingval, Elburg<br \/>25-05-19 bis 09-08-19 Kunst in de Tuinen, Exmorra<br \/>12-04-19 bis 24-05-19 Timeline2, Provinciehuis, Lelystad<br \/>09-03-19 bis 23-06-19 Von Energie zu Synergie, Verbeelding, Zeewolde<\/p>\n<\/div><\/section><br \/>\n\n<style type=\"text\/css\" data-created_by=\"avia_inline_auto\" id=\"style-css-av-jrbnl5gx-19-c8aaa89b826ba39bf79c98e0ff6c5075\">\n#top .hr.av-jrbnl5gx-19-c8aaa89b826ba39bf79c98e0ff6c5075{\nmargin-top:0px;\nmargin-bottom:10px;\n}\n.hr.av-jrbnl5gx-19-c8aaa89b826ba39bf79c98e0ff6c5075 .hr-inner{\nwidth:100%;\n}\n<\/style>\n<div  class='hr av-jrbnl5gx-19-c8aaa89b826ba39bf79c98e0ff6c5075 hr-custom  avia-builder-el-20  el_after_av_textblock  el_before_av_textblock  hr-center hr-icon-no'><span class='hr-inner inner-border-av-border-thin'><span class=\"hr-inner-style\"><\/span><\/span><\/div><br \/>\n<section  class='av_textblock_section av-jrbnchgo-18-ec2fc349bd3ae322910d91a1a6bd7485 '   itemscope=\"itemscope\" itemtype=\"https:\/\/schema.org\/CreativeWork\" ><div class='avia_textblock'  itemprop=\"text\" ><p><strong>2018<\/strong><\/p>\n<p>01-11-18 bis 30-11-18 Kunstmaand Ameland<br \/>07-09-18 bis 17-10-18 Provinciehuis Lelystad<br \/>16-06-18 bis 25-08-18 Zomersalon DNS, Vrije Academie, Nunspeet<br \/>08-06-18 bis 23-09-18 Meester-Leerling, Noord-Veluws Museum, Nunspeet<br \/>04-03-18 bis 27-05-18 Fr\u00fchlingssalon KVF, Museum Nagele<\/p>\n<\/div><\/section><br \/>\n\n<style type=\"text\/css\" data-created_by=\"avia_inline_auto\" id=\"style-css-av-jrbnl5gx-17-8ca602c47f3f5d365602be31f931d305\">\n#top .hr.av-jrbnl5gx-17-8ca602c47f3f5d365602be31f931d305{\nmargin-top:0px;\nmargin-bottom:10px;\n}\n.hr.av-jrbnl5gx-17-8ca602c47f3f5d365602be31f931d305 .hr-inner{\nwidth:100%;\n}\n<\/style>\n<div  class='hr av-jrbnl5gx-17-8ca602c47f3f5d365602be31f931d305 hr-custom  avia-builder-el-22  el_after_av_textblock  el_before_av_textblock  hr-center hr-icon-no'><span class='hr-inner inner-border-av-border-thin'><span class=\"hr-inner-style\"><\/span><\/span><\/div><br \/>\n<section  class='av_textblock_section av-jrbnchgo-16-f12d345e0dea5ce0ec70ecf2aea597b8 '   itemscope=\"itemscope\" itemtype=\"https:\/\/schema.org\/CreativeWork\" ><div class='avia_textblock'  itemprop=\"text\" ><p><strong>2017<\/strong><\/p>\n<p>02-07-17 t\/m 10-11-17 Natuurkunstpark, Lelystad<br \/>\n01-07-17 t\/m 24-08-17 Zomerexpo DNS, Vrije Academie, Nunspeet<br \/>\n03-06-17 t\/m 25-08-17 Veluvine, Nunspeet<br \/>\n25-05-17 t\/m 25-08-17 Zomerexpo, De Fundatie, Zwolle<br \/>\n20-05-17 t\/m 30-09-17 Nederlands Dagblad, Barneveld<br \/>\n06-03-17 t\/m 08-05-17 Exposition portraits, de Verbeelding, Zeewolde<\/p>\n<\/div><\/section><br \/>\n\n<style type=\"text\/css\" data-created_by=\"avia_inline_auto\" id=\"style-css-av-jrbnl5gx-15-7d1dcb86f6687069ac0316d079728214\">\n#top .hr.av-jrbnl5gx-15-7d1dcb86f6687069ac0316d079728214{\nmargin-top:0px;\nmargin-bottom:10px;\n}\n.hr.av-jrbnl5gx-15-7d1dcb86f6687069ac0316d079728214 .hr-inner{\nwidth:100%;\n}\n<\/style>\n<div  class='hr av-jrbnl5gx-15-7d1dcb86f6687069ac0316d079728214 hr-custom  avia-builder-el-24  el_after_av_textblock  el_before_av_textblock  hr-center hr-icon-no'><span class='hr-inner inner-border-av-border-thin'><span class=\"hr-inner-style\"><\/span><\/span><\/div><br \/>\n<section  class='av_textblock_section av-jrbnchgo-14-d73e0de7cca0c447395efe21f27dd9b7 '   itemscope=\"itemscope\" itemtype=\"https:\/\/schema.org\/CreativeWork\" ><div class='avia_textblock'  itemprop=\"text\" ><p><strong>2016<\/strong><\/p>\n<p>28-08-16 bis 06-01-17 Vinke Veluwe Makelaars, Nunspeet<br \/>18-05-16 bis 30-06-16 Fr\u00fchlingssalon KVF, Lelystad<br \/>04-06-16 bis 26-06-16 CANAL-ART, Delft<\/p>\n<\/div><\/section><br \/>\n\n<style type=\"text\/css\" data-created_by=\"avia_inline_auto\" id=\"style-css-av-jrbnl5gx-13-baacae60c611a3a55fb4a7e08e3a2e6f\">\n#top .hr.av-jrbnl5gx-13-baacae60c611a3a55fb4a7e08e3a2e6f{\nmargin-top:0px;\nmargin-bottom:10px;\n}\n.hr.av-jrbnl5gx-13-baacae60c611a3a55fb4a7e08e3a2e6f .hr-inner{\nwidth:100%;\n}\n<\/style>\n<div  class='hr av-jrbnl5gx-13-baacae60c611a3a55fb4a7e08e3a2e6f hr-custom  avia-builder-el-26  el_after_av_textblock  el_before_av_textblock  hr-center hr-icon-no'><span class='hr-inner inner-border-av-border-thin'><span class=\"hr-inner-style\"><\/span><\/span><\/div><br \/>\n<section  class='av_textblock_section av-jrbnchgo-12-2b19dc934f34295042213b030a0307d4 '   itemscope=\"itemscope\" itemtype=\"https:\/\/schema.org\/CreativeWork\" ><div class='avia_textblock'  itemprop=\"text\" ><p><strong>2015<\/strong><\/p>\n<p>11-07-15 bis 20-09-15 Zomerexpo, Gemeentemuseum, Den Haag<br \/>\n27-06-15 bis 01-11-15 Natuurkunstpark, Lelystad<br \/>06-06-15 bis 30-08-15 Symposion Gorinchem<br \/>05-06-15 bis 25-09-15 Nederlands Dagblad, Barneveld<br \/>06-03-15 bis 27-04-15 Fr\u00fchlingssalon KVF, Urk<\/p>\n<\/div><\/section><br \/>\n\n<style type=\"text\/css\" data-created_by=\"avia_inline_auto\" id=\"style-css-av-jrbnl5gx-11-57be4620191a41d2a54173f09ddfa472\">\n#top .hr.av-jrbnl5gx-11-57be4620191a41d2a54173f09ddfa472{\nmargin-top:0px;\nmargin-bottom:10px;\n}\n.hr.av-jrbnl5gx-11-57be4620191a41d2a54173f09ddfa472 .hr-inner{\nwidth:100%;\n}\n<\/style>\n<div  class='hr av-jrbnl5gx-11-57be4620191a41d2a54173f09ddfa472 hr-custom  avia-builder-el-28  el_after_av_textblock  el_before_av_textblock  hr-center hr-icon-no'><span class='hr-inner inner-border-av-border-thin'><span class=\"hr-inner-style\"><\/span><\/span><\/div><br \/>\n<section  class='av_textblock_section av-jrbnchgo-10-f4aeb2c33a8042fbd2d683229232ef91 '   itemscope=\"itemscope\" itemtype=\"https:\/\/schema.org\/CreativeWork\" ><div class='avia_textblock'  itemprop=\"text\" ><p><strong>2014<\/strong><\/p>\n<p>29-06-14 bis 02-11-14 Nature Art Park, Lelystad<br \/>03-05-14 bis 11-05-14 Dood Spoor, Loods 32, Lelystad<br \/>15-03-14 bis 27-04-14 Kunstkreis Warendorf, Historisches Rathaus, Warendorf<br \/>02-03-14 bis 25-05-14 Fr\u00fchlingssalon KVF, Museum Nagele<\/p>\n<\/div><\/section><br \/>\n\n<style type=\"text\/css\" data-created_by=\"avia_inline_auto\" id=\"style-css-av-jrbnl5gx-9-304516488c73ec25720cd85f6ef7d291\">\n#top .hr.av-jrbnl5gx-9-304516488c73ec25720cd85f6ef7d291{\nmargin-top:0px;\nmargin-bottom:10px;\n}\n.hr.av-jrbnl5gx-9-304516488c73ec25720cd85f6ef7d291 .hr-inner{\nwidth:100%;\n}\n<\/style>\n<div  class='hr av-jrbnl5gx-9-304516488c73ec25720cd85f6ef7d291 hr-custom  avia-builder-el-30  el_after_av_textblock  el_before_av_textblock  hr-center hr-icon-no'><span class='hr-inner inner-border-av-border-thin'><span class=\"hr-inner-style\"><\/span><\/span><\/div><br \/>\n<section  class='av_textblock_section av-jrbnchgo-8-bfdb7fddfdfc9ad6408bb4de079ef8af '   itemscope=\"itemscope\" itemtype=\"https:\/\/schema.org\/CreativeWork\" ><div class='avia_textblock'  itemprop=\"text\" ><p><strong>2013<\/strong><\/p>\n<p>07-07-13 bis 01-11-13 Natuurkunstpark, Lelystad<br \/>01-04-13 bis 01-04-14 Kunstcaroussel, Almere<br \/>02-03-13 bis 31-03-13 Kunst ter bevordering van de Nutteloosheid, Loods 32, Lelystad<br \/>10-01-13 bis 15-02-13 Kunst te huur, Provinciehuis Lelystad<\/p>\n<\/div><\/section><br \/>\n\n<style type=\"text\/css\" data-created_by=\"avia_inline_auto\" id=\"style-css-av-jrbnl5gx-7-65970b935a7c7d25d7032a7c99ab5957\">\n#top .hr.av-jrbnl5gx-7-65970b935a7c7d25d7032a7c99ab5957{\nmargin-top:0px;\nmargin-bottom:10px;\n}\n.hr.av-jrbnl5gx-7-65970b935a7c7d25d7032a7c99ab5957 .hr-inner{\nwidth:100%;\n}\n<\/style>\n<div  class='hr av-jrbnl5gx-7-65970b935a7c7d25d7032a7c99ab5957 hr-custom  avia-builder-el-32  el_after_av_textblock  el_before_av_textblock  hr-center hr-icon-no'><span class='hr-inner inner-border-av-border-thin'><span class=\"hr-inner-style\"><\/span><\/span><\/div><br \/>\n<section  class='av_textblock_section av-jrbnchgo-6-98f18267fc41dec8b13b81c062b26bd3 '   itemscope=\"itemscope\" itemtype=\"https:\/\/schema.org\/CreativeWork\" ><div class='avia_textblock'  itemprop=\"text\" ><p><strong>2012<\/strong><\/p>\n<p>01-09-12 t\/m 30-11-12 Cultureel Centrum, Zuidhorn<br \/>31-08-12 t\/m 02-09-12 Kunstroute Noord West Veluwe<br \/>15-03-12 t\/m 15-04-12 H &#8218;Art Harderwijk<\/p>\n<\/div><\/section><br \/>\n\n<style type=\"text\/css\" data-created_by=\"avia_inline_auto\" id=\"style-css-av-jrbnl5gx-5-39f2ac111e8d106a52dd87e8eb1e6328\">\n#top .hr.av-jrbnl5gx-5-39f2ac111e8d106a52dd87e8eb1e6328{\nmargin-top:0px;\nmargin-bottom:10px;\n}\n.hr.av-jrbnl5gx-5-39f2ac111e8d106a52dd87e8eb1e6328 .hr-inner{\nwidth:100%;\n}\n<\/style>\n<div  class='hr av-jrbnl5gx-5-39f2ac111e8d106a52dd87e8eb1e6328 hr-custom  avia-builder-el-34  el_after_av_textblock  el_before_av_textblock  hr-center hr-icon-no'><span class='hr-inner inner-border-av-border-thin'><span class=\"hr-inner-style\"><\/span><\/span><\/div><br \/>\n<section  class='av_textblock_section av-jrbnchgo-4-81edfc5bb63041b1fb324218ef748e6b '   itemscope=\"itemscope\" itemtype=\"https:\/\/schema.org\/CreativeWork\" ><div class='avia_textblock'  itemprop=\"text\" ><p><strong>2011<\/strong><\/p>\n<p>25-11-11 bis 24-12-11 De Boskant, Den Haag<br \/>\n30-06-11 bis 06-10-11 Nederlands Dagblad, Barneveld<br \/>\n25-06-11 und 26-06-11 Kunstmanifestatie InsideOut, Epe<br \/>\n11-06-11 bis 18-06-11 Kunstkabaal aan de Kade, Harderwijk<br \/>13-05-11 bis 20-05-11 Amnesty International, Freie Akademie Nunspeet<\/p>\n<\/div><\/section><br \/>\n\n<style type=\"text\/css\" data-created_by=\"avia_inline_auto\" id=\"style-css-av-jrbnl5gx-3-3b5e6346b1200c4ff7eb26a8ae84e48a\">\n#top .hr.av-jrbnl5gx-3-3b5e6346b1200c4ff7eb26a8ae84e48a{\nmargin-top:0px;\nmargin-bottom:10px;\n}\n.hr.av-jrbnl5gx-3-3b5e6346b1200c4ff7eb26a8ae84e48a .hr-inner{\nwidth:100%;\n}\n<\/style>\n<div  class='hr av-jrbnl5gx-3-3b5e6346b1200c4ff7eb26a8ae84e48a hr-custom  avia-builder-el-36  el_after_av_textblock  el_before_av_textblock  hr-center hr-icon-no'><span class='hr-inner inner-border-av-border-thin'><span class=\"hr-inner-style\"><\/span><\/span><\/div><br \/>\n<section  class='av_textblock_section av-jrbnchgo-2-984180130f1cdb7336e04442cc9c2033 '   itemscope=\"itemscope\" itemtype=\"https:\/\/schema.org\/CreativeWork\" ><div class='avia_textblock'  itemprop=\"text\" ><p><strong>2009<\/p>\n<p><\/strong>09-10-09 bis 18-12-09 BDO Accountants, Nunspeet<\/p>\n<\/div><\/section><br \/>\n\n<style type=\"text\/css\" data-created_by=\"avia_inline_auto\" id=\"style-css-av-jrbnl5gx-1-19470e5ef45b6f8873904ad850a9d72c\">\n#top .hr.av-jrbnl5gx-1-19470e5ef45b6f8873904ad850a9d72c{\nmargin-top:0px;\nmargin-bottom:10px;\n}\n.hr.av-jrbnl5gx-1-19470e5ef45b6f8873904ad850a9d72c .hr-inner{\nwidth:100%;\n}\n<\/style>\n<div  class='hr av-jrbnl5gx-1-19470e5ef45b6f8873904ad850a9d72c hr-custom  avia-builder-el-38  el_after_av_textblock  avia-builder-el-last  hr-center hr-icon-no'><span class='hr-inner inner-border-av-border-thin'><span class=\"hr-inner-style\"><\/span><\/span><\/div><\/p><\/div>\n<style type=\"text\/css\" data-created_by=\"avia_inline_auto\" id=\"style-css-av-2kjwxm-fdd20996b4bb4862b0217a6e50819d62\">\n.flex_column.av-2kjwxm-fdd20996b4bb4862b0217a6e50819d62{\nborder-radius:0px 0px 0px 0px;\npadding:0px 0px 0px 0px;\n}\n<\/style>\n<div  class='flex_column av-2kjwxm-fdd20996b4bb4862b0217a6e50819d62 av_one_fifth  avia-builder-el-39  el_after_av_three_fifth  el_before_av_hr  flex_column_div av-zero-column-padding  '     ><\/div><\/p>\n<div  class='hr av-1vn4ze-f3d1e609a32443817feccda3b2630d4b hr-default  avia-builder-el-40  el_after_av_one_fifth  avia-builder-el-last '><span class='hr-inner '><span class=\"hr-inner-style\"><\/span><\/span><\/div>\n","protected":false},"excerpt":{"rendered":"","protected":false},"author":1,"featured_media":0,"parent":0,"menu_order":0,"comment_status":"closed","ping_status":"closed","template":"","meta":{"inline_featured_image":false,"footnotes":""},"class_list":["post-10120","page","type-page","status-publish","hentry"],"yoast_head":"<!-- This site is optimized with the Yoast SEO plugin v27.5 - https:\/\/yoast.com\/product\/yoast-seo-wordpress\/ -->\n<title>Ingrid Slaa - Atelier und Galerie - Bildende K\u00fcnstlerin - Ausstellungs\u00fcbersicht<\/title>\n<meta name=\"description\" content=\"Hier finden Sie einen \u00dcberblick \u00fcber die Ausstellungen der bildenden K\u00fcnstlerin Ingrid Slaa und die Projekte, an denen sie teilgenommen hat.\" \/>\n<meta name=\"robots\" content=\"index, follow, max-snippet:-1, max-image-preview:large, max-video-preview:-1\" \/>\n<link rel=\"canonical\" href=\"https:\/\/www.ingridslaa.nl\/de\/ausstellungen-im-ueberblick\/\" \/>\n<meta property=\"og:locale\" content=\"de_DE\" \/>\n<meta property=\"og:type\" content=\"article\" \/>\n<meta property=\"og:title\" content=\"Ingrid Slaa - Atelier und Galerie - Bildende K\u00fcnstlerin - Ausstellungs\u00fcbersicht\" \/>\n<meta property=\"og:description\" content=\"Hier finden Sie einen \u00dcberblick \u00fcber die Ausstellungen der bildenden K\u00fcnstlerin Ingrid Slaa und die Projekte, an denen sie teilgenommen hat.\" \/>\n<meta property=\"og:url\" content=\"https:\/\/www.ingridslaa.nl\/de\/ausstellungen-im-ueberblick\/\" \/>\n<meta property=\"og:site_name\" content=\"Ingrid Slaa\" \/>\n<meta property=\"article:modified_time\" content=\"2026-04-01T08:49:20+00:00\" \/>\n<meta name=\"twitter:card\" content=\"summary_large_image\" \/>\n<meta name=\"twitter:label1\" content=\"Gesch\u00e4tzte Lesezeit\" \/>\n\t<meta name=\"twitter:data1\" content=\"18\u00a0Minuten\" \/>\n<script type=\"application\/ld+json\" class=\"yoast-schema-graph\">{\"@context\":\"https:\\\/\\\/schema.org\",\"@graph\":[{\"@type\":\"WebPage\",\"@id\":\"https:\\\/\\\/www.ingridslaa.nl\\\/de\\\/ausstellungen-im-ueberblick\\\/\",\"url\":\"https:\\\/\\\/www.ingridslaa.nl\\\/de\\\/ausstellungen-im-ueberblick\\\/\",\"name\":\"Ingrid Slaa - Atelier und Galerie - Bildende K\u00fcnstlerin - Ausstellungs\u00fcbersicht\",\"isPartOf\":{\"@id\":\"https:\\\/\\\/www.ingridslaa.nl\\\/de\\\/#website\"},\"datePublished\":\"2019-01-25T04:10:17+00:00\",\"dateModified\":\"2026-04-01T08:49:20+00:00\",\"description\":\"Hier finden Sie einen \u00dcberblick \u00fcber die Ausstellungen der bildenden K\u00fcnstlerin Ingrid Slaa und die Projekte, an denen sie teilgenommen hat.\",\"breadcrumb\":{\"@id\":\"https:\\\/\\\/www.ingridslaa.nl\\\/de\\\/ausstellungen-im-ueberblick\\\/#breadcrumb\"},\"inLanguage\":\"de\",\"potentialAction\":[{\"@type\":\"ReadAction\",\"target\":[\"https:\\\/\\\/www.ingridslaa.nl\\\/de\\\/ausstellungen-im-ueberblick\\\/\"]}]},{\"@type\":\"BreadcrumbList\",\"@id\":\"https:\\\/\\\/www.ingridslaa.nl\\\/de\\\/ausstellungen-im-ueberblick\\\/#breadcrumb\",\"itemListElement\":[{\"@type\":\"ListItem\",\"position\":1,\"name\":\"Home\",\"item\":\"https:\\\/\\\/www.ingridslaa.nl\\\/de\\\/startseite\\\/\"},{\"@type\":\"ListItem\",\"position\":2,\"name\":\"Ausstellungen im \u00dcberblick\"}]},{\"@type\":\"WebSite\",\"@id\":\"https:\\\/\\\/www.ingridslaa.nl\\\/de\\\/#website\",\"url\":\"https:\\\/\\\/www.ingridslaa.nl\\\/de\\\/\",\"name\":\"Ingrid Slaa\",\"description\":\"\",\"potentialAction\":[{\"@type\":\"SearchAction\",\"target\":{\"@type\":\"EntryPoint\",\"urlTemplate\":\"https:\\\/\\\/www.ingridslaa.nl\\\/de\\\/?s={search_term_string}\"},\"query-input\":{\"@type\":\"PropertyValueSpecification\",\"valueRequired\":true,\"valueName\":\"search_term_string\"}}],\"inLanguage\":\"de\"}]}<\/script>\n<!-- \/ Yoast SEO plugin. -->","yoast_head_json":{"title":"Ingrid Slaa - Atelier und Galerie - Bildende K\u00fcnstlerin - Ausstellungs\u00fcbersicht","description":"Hier finden Sie einen \u00dcberblick \u00fcber die Ausstellungen der bildenden K\u00fcnstlerin Ingrid Slaa und die Projekte, an denen sie teilgenommen hat.","robots":{"index":"index","follow":"follow","max-snippet":"max-snippet:-1","max-image-preview":"max-image-preview:large","max-video-preview":"max-video-preview:-1"},"canonical":"https:\/\/www.ingridslaa.nl\/de\/ausstellungen-im-ueberblick\/","og_locale":"de_DE","og_type":"article","og_title":"Ingrid Slaa - Atelier und Galerie - Bildende K\u00fcnstlerin - Ausstellungs\u00fcbersicht","og_description":"Hier finden Sie einen \u00dcberblick \u00fcber die Ausstellungen der bildenden K\u00fcnstlerin Ingrid Slaa und die Projekte, an denen sie teilgenommen hat.","og_url":"https:\/\/www.ingridslaa.nl\/de\/ausstellungen-im-ueberblick\/","og_site_name":"Ingrid Slaa","article_modified_time":"2026-04-01T08:49:20+00:00","twitter_card":"summary_large_image","twitter_misc":{"Gesch\u00e4tzte Lesezeit":"18\u00a0Minuten"},"schema":{"@context":"https:\/\/schema.org","@graph":[{"@type":"WebPage","@id":"https:\/\/www.ingridslaa.nl\/de\/ausstellungen-im-ueberblick\/","url":"https:\/\/www.ingridslaa.nl\/de\/ausstellungen-im-ueberblick\/","name":"Ingrid Slaa - Atelier und Galerie - Bildende K\u00fcnstlerin - Ausstellungs\u00fcbersicht","isPartOf":{"@id":"https:\/\/www.ingridslaa.nl\/de\/#website"},"datePublished":"2019-01-25T04:10:17+00:00","dateModified":"2026-04-01T08:49:20+00:00","description":"Hier finden Sie einen \u00dcberblick \u00fcber die Ausstellungen der bildenden K\u00fcnstlerin Ingrid Slaa und die Projekte, an denen sie teilgenommen hat.","breadcrumb":{"@id":"https:\/\/www.ingridslaa.nl\/de\/ausstellungen-im-ueberblick\/#breadcrumb"},"inLanguage":"de","potentialAction":[{"@type":"ReadAction","target":["https:\/\/www.ingridslaa.nl\/de\/ausstellungen-im-ueberblick\/"]}]},{"@type":"BreadcrumbList","@id":"https:\/\/www.ingridslaa.nl\/de\/ausstellungen-im-ueberblick\/#breadcrumb","itemListElement":[{"@type":"ListItem","position":1,"name":"Home","item":"https:\/\/www.ingridslaa.nl\/de\/startseite\/"},{"@type":"ListItem","position":2,"name":"Ausstellungen im \u00dcberblick"}]},{"@type":"WebSite","@id":"https:\/\/www.ingridslaa.nl\/de\/#website","url":"https:\/\/www.ingridslaa.nl\/de\/","name":"Ingrid Slaa","description":"","potentialAction":[{"@type":"SearchAction","target":{"@type":"EntryPoint","urlTemplate":"https:\/\/www.ingridslaa.nl\/de\/?s={search_term_string}"},"query-input":{"@type":"PropertyValueSpecification","valueRequired":true,"valueName":"search_term_string"}}],"inLanguage":"de"}]}},"_links":{"self":[{"href":"https:\/\/www.ingridslaa.nl\/de\/wp-json\/wp\/v2\/pages\/10120","targetHints":{"allow":["GET"]}}],"collection":[{"href":"https:\/\/www.ingridslaa.nl\/de\/wp-json\/wp\/v2\/pages"}],"about":[{"href":"https:\/\/www.ingridslaa.nl\/de\/wp-json\/wp\/v2\/types\/page"}],"author":[{"embeddable":true,"href":"https:\/\/www.ingridslaa.nl\/de\/wp-json\/wp\/v2\/users\/1"}],"replies":[{"embeddable":true,"href":"https:\/\/www.ingridslaa.nl\/de\/wp-json\/wp\/v2\/comments?post=10120"}],"version-history":[{"count":118,"href":"https:\/\/www.ingridslaa.nl\/de\/wp-json\/wp\/v2\/pages\/10120\/revisions"}],"predecessor-version":[{"id":21734,"href":"https:\/\/www.ingridslaa.nl\/de\/wp-json\/wp\/v2\/pages\/10120\/revisions\/21734"}],"wp:attachment":[{"href":"https:\/\/www.ingridslaa.nl\/de\/wp-json\/wp\/v2\/media?parent=10120"}],"curies":[{"name":"wp","href":"https:\/\/api.w.org\/{rel}","templated":true}]}}