{"id":8560,"date":"2022-04-25T20:54:43","date_gmt":"2022-04-25T18:54:43","guid":{"rendered":"https:\/\/www.ingridslaa.nl\/gastkuenstler\/"},"modified":"2025-01-06T11:21:07","modified_gmt":"2025-01-06T09:21:07","slug":"gastkuenstler","status":"publish","type":"page","link":"https:\/\/www.ingridslaa.nl\/de\/gastkuenstler\/","title":{"rendered":"Ausstellungen in der Galerie"},"content":{"rendered":"\n<style type=\"text\/css\" data-created_by=\"avia_inline_auto\" id=\"style-css-av-7y2x0g-eade726b95992cd768425300e70c77ed\">\n.flex_column.av-7y2x0g-eade726b95992cd768425300e70c77ed{\nborder-radius:0px 0px 0px 0px;\npadding:0px 0px 0px 0px;\n}\n<\/style>\n<div  class='flex_column av-7y2x0g-eade726b95992cd768425300e70c77ed av_three_fifth  avia-builder-el-0  el_before_av_textblock  avia-builder-el-first  first flex_column_div av-zero-column-padding  '     ><p>\n<style type=\"text\/css\" data-created_by=\"avia_inline_auto\" id=\"style-css-av-5bns6o-fe16ea1aa04193dbf0406ecd3a4703d0\">\n#top .av-special-heading.av-5bns6o-fe16ea1aa04193dbf0406ecd3a4703d0{\npadding-bottom:10px;\n}\nbody .av-special-heading.av-5bns6o-fe16ea1aa04193dbf0406ecd3a4703d0 .av-special-heading-tag .heading-char{\nfont-size:25px;\n}\n.av-special-heading.av-5bns6o-fe16ea1aa04193dbf0406ecd3a4703d0 .av-subheading{\nfont-size:15px;\n}\n<\/style>\n<div  class='av-special-heading av-5bns6o-fe16ea1aa04193dbf0406ecd3a4703d0 av-special-heading-h1 blockquote modern-quote  avia-builder-el-1  el_before_av_hr  avia-builder-el-first  av-linked-heading'><h1 class='av-special-heading-tag '  itemprop=\"headline\"  >Ausstellungen in der Galerie<\/h1><div class=\"special-heading-border\"><div class=\"special-heading-inner-border\"><\/div><\/div><\/div><br \/>\n\n<style type=\"text\/css\" data-created_by=\"avia_inline_auto\" id=\"style-css-av-4mffkg-97bcab87d55e9fc3a17554b446b5577f\">\n#top .hr.hr-invisible.av-4mffkg-97bcab87d55e9fc3a17554b446b5577f{\nheight:30px;\n}\n<\/style>\n<div  class='hr av-4mffkg-97bcab87d55e9fc3a17554b446b5577f hr-invisible  avia-builder-el-2  el_after_av_heading  avia-builder-el-last '><span class='hr-inner '><span class=\"hr-inner-style\"><\/span><\/span><\/div><\/p><\/div>\n<section  class='av_textblock_section av-lup9isx2-e625092bbcf34b9df1a354bfcab01395 '   itemscope=\"itemscope\" itemtype=\"https:\/\/schema.org\/CreativeWork\" ><div class='avia_textblock'  itemprop=\"text\" ><p>Hier k\u00f6nnen Sie sehen, wer mit mir in der Galerie ausgestellt hat.<\/p>\n<\/div><\/section>\n<div  data-slideshow-options=\"{&quot;animation&quot;:&quot;fade&quot;,&quot;autoplay&quot;:false,&quot;loop_autoplay&quot;:&quot;once&quot;,&quot;interval&quot;:5,&quot;loop_manual&quot;:&quot;manual-endless&quot;,&quot;autoplay_stopper&quot;:false,&quot;noNavigation&quot;:false,&quot;show_slide_delay&quot;:90}\" class='avia-content-slider avia-content-grid-active avia-content-slider1 avia-content-slider-odd  avia-builder-el-4  el_after_av_textblock  avia-builder-el-last  av-slideshow-ui av-control-default   av-no-slider-navigation av-slideshow-manual av-loop-once av-loop-manual-endless '  itemscope=\"itemscope\" itemtype=\"https:\/\/schema.org\/Blog\" ><div class=\"avia-content-slider-inner\"><div class=\"slide-entry-wrap\"><article class='slide-entry flex_column  post-entry post-entry-21027 slide-entry-overview slide-loop-1 slide-parity-odd  av_one_third first real-thumbnail posttype-post post-format-standard'  itemscope=\"itemscope\" itemtype=\"https:\/\/schema.org\/CreativeWork\" ><a href='https:\/\/www.ingridslaa.nl\/de\/11-und-12-april-inez-pleizier\/' data-rel='slide-1' class='slide-image' title='11. und 12. April 2026: Inez Pleizier'><img decoding=\"async\" fetchpriority=\"high\" width=\"427\" height=\"400\" src=\"https:\/\/www.ingridslaa.nl\/wp-content\/uploads\/2026\/01\/Inez-1-1-e1768836282350-427x400.jpg\" class=\"wp-image-21040 avia-img-lazy-loading-not-21040 attachment-portfolio size-portfolio wp-post-image\" alt=\"\" \/><\/a><div class=\"slide-content\"><header class=\"entry-content-header\" aria-label=\"Slide: 11. und 12. April 2026: Inez Pleizier\"><h3 class='slide-entry-title entry-title '  itemprop=\"headline\" ><a href='https:\/\/www.ingridslaa.nl\/de\/11-und-12-april-inez-pleizier\/' title='11. und 12. April 2026: Inez Pleizier'>11. und 12. April 2026: Inez Pleizier<\/a><\/h3><span class=\"av-vertical-delimiter\"><\/span><\/header><div class=\"slide-meta\"><time class='slide-meta-time updated'  itemprop=\"datePublished\" datetime=\"\" ><\/time><\/div><div class='slide-entry-excerpt entry-content'  itemprop=\"text\" >11. und 12. April 2026 Inez Pleizier stellte in der Galerie visuelle Phantasie aus.<div class=\"read-more-link\"><a href=\"https:\/\/www.ingridslaa.nl\/de\/11-und-12-april-inez-pleizier\/\" class=\"more-link\">Weiterlesen<span class='more-link-arrow avia-svg-icon avia-font-svg_entypo-fontello' data-av_svg_icon='right-open-big' data-av_iconset='svg_entypo-fontello'><svg version=\"1.1\" xmlns=\"http:\/\/www.w3.org\/2000\/svg\" width=\"15\" height=\"32\" viewBox=\"0 0 15 32\" preserveAspectRatio=\"xMidYMid meet\" role=\"graphics-symbol\" aria-hidden=\"true\">\n<path d=\"M0.416 27.84l11.456-11.84-11.456-11.904q-0.832-0.832 0-1.536 0.832-0.832 1.536 0l12.544 12.608q0.768 0.832 0 1.6l-12.544 12.608q-0.704 0.832-1.536 0-0.832-0.704 0-1.536z\"><\/path>\n<\/svg><\/span><\/a><\/div><\/div><\/div><footer class=\"entry-footer\"><\/footer><span class='hidden'>\n\t\t\t\t<span class='av-structured-data'  itemprop=\"image\" itemscope=\"itemscope\" itemtype=\"https:\/\/schema.org\/ImageObject\" >\n\t\t\t\t\t\t<span itemprop='url'>https:\/\/www.ingridslaa.nl\/wp-content\/uploads\/2026\/01\/Inez-1-1-e1768836282350.jpg<\/span>\n\t\t\t\t\t\t<span itemprop='height'>444<\/span>\n\t\t\t\t\t\t<span itemprop='width'>427<\/span>\n\t\t\t\t<\/span>\n\t\t\t\t<span class='av-structured-data'  itemprop=\"publisher\" itemtype=\"https:\/\/schema.org\/Organization\" itemscope=\"itemscope\" >\n\t\t\t\t\t\t<span itemprop='name'><\/span>\n\t\t\t\t\t\t<span itemprop='logo' itemscope itemtype='https:\/\/schema.org\/ImageObject'>\n\t\t\t\t\t\t\t<span itemprop='url'>https:\/\/www.ingridslaa.nl\/wp-content\/uploads\/2018\/09\/spacer-1px.png<\/span>\n\t\t\t\t\t\t<\/span>\n\t\t\t\t<\/span><span class='av-structured-data'  itemprop=\"author\" itemscope=\"itemscope\" itemtype=\"https:\/\/schema.org\/Person\" ><span itemprop='name'><\/span><\/span><span class='av-structured-data'  itemprop=\"datePublished\" datetime=\"\" >2026-03-26 22:33:58<\/span><span class='av-structured-data'  itemprop=\"dateModified\" itemtype=\"https:\/\/schema.org\/dateModified\" >2026-04-16 10:13:25<\/span><span class='av-structured-data'  itemprop=\"mainEntityOfPage\" itemtype=\"https:\/\/schema.org\/mainEntityOfPage\" ><span itemprop='name'>11. und 12. April 2026: Inez Pleizier<\/span><\/span><\/span><\/article><article class='slide-entry flex_column  post-entry post-entry-20942 slide-entry-overview slide-loop-2 slide-parity-even  av_one_third  real-thumbnail posttype-post post-format-standard'  itemscope=\"itemscope\" itemtype=\"https:\/\/schema.org\/CreativeWork\" ><a href='https:\/\/www.ingridslaa.nl\/de\/14-und-15-maerz-barbera-sterk-und-marjolijn-houdijk\/' data-rel='slide-1' class='slide-image' title='14. und 15. M\u00e4rz 2026: Barbera Sterk und Marjolijn Houdijk'><img decoding=\"async\" fetchpriority=\"high\" width=\"495\" height=\"400\" src=\"https:\/\/www.ingridslaa.nl\/wp-content\/uploads\/2026\/01\/Barbera-en-Marjolijn-6-e1768051447285-495x400.jpg\" class=\"wp-image-20948 avia-img-lazy-loading-not-20948 attachment-portfolio size-portfolio wp-post-image\" alt=\"\" \/><\/a><div class=\"slide-content\"><header class=\"entry-content-header\" aria-label=\"Slide: 14. und 15. M\u00e4rz 2026: Barbera Sterk und Marjolijn Houdijk\"><h3 class='slide-entry-title entry-title '  itemprop=\"headline\" ><a href='https:\/\/www.ingridslaa.nl\/de\/14-und-15-maerz-barbera-sterk-und-marjolijn-houdijk\/' title='14. und 15. M\u00e4rz 2026: Barbera Sterk und Marjolijn Houdijk'>14. und 15. M\u00e4rz 2026: Barbera Sterk und Marjolijn Houdijk<\/a><\/h3><span class=\"av-vertical-delimiter\"><\/span><\/header><div class=\"slide-meta\"><time class='slide-meta-time updated'  itemprop=\"datePublished\" datetime=\"\" ><\/time><\/div><div class='slide-entry-excerpt entry-content'  itemprop=\"text\" >14. und 15. M\u00e4rz 2026 haben Barbera Sterk und Marjolijn Houdijk eine Mixed-Media-Installation in der Galerie gebaut.<div class=\"read-more-link\"><a href=\"https:\/\/www.ingridslaa.nl\/de\/14-und-15-maerz-barbera-sterk-und-marjolijn-houdijk\/\" class=\"more-link\">Weiterlesen<span class='more-link-arrow avia-svg-icon avia-font-svg_entypo-fontello' data-av_svg_icon='right-open-big' data-av_iconset='svg_entypo-fontello'><svg version=\"1.1\" xmlns=\"http:\/\/www.w3.org\/2000\/svg\" width=\"15\" height=\"32\" viewBox=\"0 0 15 32\" preserveAspectRatio=\"xMidYMid meet\" role=\"graphics-symbol\" aria-hidden=\"true\">\n<path d=\"M0.416 27.84l11.456-11.84-11.456-11.904q-0.832-0.832 0-1.536 0.832-0.832 1.536 0l12.544 12.608q0.768 0.832 0 1.6l-12.544 12.608q-0.704 0.832-1.536 0-0.832-0.704 0-1.536z\"><\/path>\n<\/svg><\/span><\/a><\/div><\/div><\/div><footer class=\"entry-footer\"><\/footer><span class='hidden'>\n\t\t\t\t<span class='av-structured-data'  itemprop=\"image\" itemscope=\"itemscope\" itemtype=\"https:\/\/schema.org\/ImageObject\" >\n\t\t\t\t\t\t<span itemprop='url'>https:\/\/www.ingridslaa.nl\/wp-content\/uploads\/2026\/01\/Barbera-en-Marjolijn-6-e1768051447285.jpg<\/span>\n\t\t\t\t\t\t<span itemprop='height'>449<\/span>\n\t\t\t\t\t\t<span itemprop='width'>600<\/span>\n\t\t\t\t<\/span>\n\t\t\t\t<span class='av-structured-data'  itemprop=\"publisher\" itemtype=\"https:\/\/schema.org\/Organization\" itemscope=\"itemscope\" >\n\t\t\t\t\t\t<span itemprop='name'><\/span>\n\t\t\t\t\t\t<span itemprop='logo' itemscope itemtype='https:\/\/schema.org\/ImageObject'>\n\t\t\t\t\t\t\t<span itemprop='url'>https:\/\/www.ingridslaa.nl\/wp-content\/uploads\/2018\/09\/spacer-1px.png<\/span>\n\t\t\t\t\t\t<\/span>\n\t\t\t\t<\/span><span class='av-structured-data'  itemprop=\"author\" itemscope=\"itemscope\" itemtype=\"https:\/\/schema.org\/Person\" ><span itemprop='name'><\/span><\/span><span class='av-structured-data'  itemprop=\"datePublished\" datetime=\"\" >2026-01-19 17:30:35<\/span><span class='av-structured-data'  itemprop=\"dateModified\" itemtype=\"https:\/\/schema.org\/dateModified\" >2026-03-26 22:31:36<\/span><span class='av-structured-data'  itemprop=\"mainEntityOfPage\" itemtype=\"https:\/\/schema.org\/mainEntityOfPage\" ><span itemprop='name'>14. und 15. M\u00e4rz 2026: Barbera Sterk und Marjolijn Houdijk<\/span><\/span><\/span><\/article><article class='slide-entry flex_column  post-entry post-entry-20639 slide-entry-overview slide-loop-3 slide-parity-odd  post-entry-last  av_one_third  real-thumbnail posttype-post post-format-standard'  itemscope=\"itemscope\" itemtype=\"https:\/\/schema.org\/CreativeWork\" ><a href='https:\/\/www.ingridslaa.nl\/de\/7-und-8-februar-marjan-kok\/' data-rel='slide-1' class='slide-image' title='7. und 8. Februar 2026: Marjan Kok'><img decoding=\"async\" fetchpriority=\"high\" width=\"495\" height=\"400\" src=\"https:\/\/www.ingridslaa.nl\/wp-content\/uploads\/2025\/12\/Marjan-Kok-495x400.jpg\" class=\"wp-image-20645 avia-img-lazy-loading-not-20645 attachment-portfolio size-portfolio wp-post-image\" alt=\"\" \/><\/a><div class=\"slide-content\"><header class=\"entry-content-header\" aria-label=\"Slide: 7. und 8. Februar 2026: Marjan Kok\"><h3 class='slide-entry-title entry-title '  itemprop=\"headline\" ><a href='https:\/\/www.ingridslaa.nl\/de\/7-und-8-februar-marjan-kok\/' title='7. und 8. Februar 2026: Marjan Kok'>7. und 8. Februar 2026: Marjan Kok<\/a><\/h3><span class=\"av-vertical-delimiter\"><\/span><\/header><div class=\"slide-meta\"><time class='slide-meta-time updated'  itemprop=\"datePublished\" datetime=\"\" ><\/time><\/div><div class='slide-entry-excerpt entry-content'  itemprop=\"text\" >Am 7. und 8. Februar 2026 stellte Marjan Kok aus Epe Stillleben in \u00d6l in der Galerie aus.<div class=\"read-more-link\"><a href=\"https:\/\/www.ingridslaa.nl\/de\/7-und-8-februar-marjan-kok\/\" class=\"more-link\">Weiterlesen<span class='more-link-arrow avia-svg-icon avia-font-svg_entypo-fontello' data-av_svg_icon='right-open-big' data-av_iconset='svg_entypo-fontello'><svg version=\"1.1\" xmlns=\"http:\/\/www.w3.org\/2000\/svg\" width=\"15\" height=\"32\" viewBox=\"0 0 15 32\" preserveAspectRatio=\"xMidYMid meet\" role=\"graphics-symbol\" aria-hidden=\"true\">\n<path d=\"M0.416 27.84l11.456-11.84-11.456-11.904q-0.832-0.832 0-1.536 0.832-0.832 1.536 0l12.544 12.608q0.768 0.832 0 1.6l-12.544 12.608q-0.704 0.832-1.536 0-0.832-0.704 0-1.536z\"><\/path>\n<\/svg><\/span><\/a><\/div><\/div><\/div><footer class=\"entry-footer\"><\/footer><span class='hidden'>\n\t\t\t\t<span class='av-structured-data'  itemprop=\"image\" itemscope=\"itemscope\" itemtype=\"https:\/\/schema.org\/ImageObject\" >\n\t\t\t\t\t\t<span itemprop='url'>https:\/\/www.ingridslaa.nl\/wp-content\/uploads\/2025\/12\/Marjan-Kok.jpg<\/span>\n\t\t\t\t\t\t<span itemprop='height'>1065<\/span>\n\t\t\t\t\t\t<span itemprop='width'>725<\/span>\n\t\t\t\t<\/span>\n\t\t\t\t<span class='av-structured-data'  itemprop=\"publisher\" itemtype=\"https:\/\/schema.org\/Organization\" itemscope=\"itemscope\" >\n\t\t\t\t\t\t<span itemprop='name'><\/span>\n\t\t\t\t\t\t<span itemprop='logo' itemscope itemtype='https:\/\/schema.org\/ImageObject'>\n\t\t\t\t\t\t\t<span itemprop='url'>https:\/\/www.ingridslaa.nl\/wp-content\/uploads\/2018\/09\/spacer-1px.png<\/span>\n\t\t\t\t\t\t<\/span>\n\t\t\t\t<\/span><span class='av-structured-data'  itemprop=\"author\" itemscope=\"itemscope\" itemtype=\"https:\/\/schema.org\/Person\" ><span itemprop='name'><\/span><\/span><span class='av-structured-data'  itemprop=\"datePublished\" datetime=\"\" >2026-01-19 17:28:04<\/span><span class='av-structured-data'  itemprop=\"dateModified\" itemtype=\"https:\/\/schema.org\/dateModified\" >2026-03-20 11:43:13<\/span><span class='av-structured-data'  itemprop=\"mainEntityOfPage\" itemtype=\"https:\/\/schema.org\/mainEntityOfPage\" ><span itemprop='name'>7. und 8. Februar 2026: Marjan Kok<\/span><\/span><\/span><\/article><\/div><\/div><div class='pagination-wrap pagination-slider'><nav class='pagination'><span class='pagination-meta'>Seite 1 von 12<\/span><span class='current'>1<\/span><a href='https:\/\/www.ingridslaa.nl\/de\/wp-json\/wp\/v2\/pages\/8560\/?avia-element-paging=2' class='inactive next_page' >2<\/a><a href='https:\/\/www.ingridslaa.nl\/de\/wp-json\/wp\/v2\/pages\/8560\/?avia-element-paging=3' class='inactive' >3<\/a><a href='https:\/\/www.ingridslaa.nl\/de\/wp-json\/wp\/v2\/pages\/8560\/?avia-element-paging=2'>&rsaquo;<\/a><a href='https:\/\/www.ingridslaa.nl\/de\/wp-json\/wp\/v2\/pages\/8560\/?avia-element-paging=12'>&raquo;<\/a><\/nav>\n<\/div><\/div>\n","protected":false},"excerpt":{"rendered":"","protected":false},"author":3,"featured_media":0,"parent":0,"menu_order":0,"comment_status":"closed","ping_status":"closed","template":"","meta":{"inline_featured_image":false,"footnotes":""},"class_list":["post-8560","page","type-page","status-publish","hentry"],"yoast_head":"<!-- This site is optimized with the Yoast SEO plugin v27.5 - https:\/\/yoast.com\/product\/yoast-seo-wordpress\/ -->\n<title>Ingrid Slaa - Atelier und Galerie - Bildende K\u00fcnstlerin - Gastk\u00fcnstler<\/title>\n<meta name=\"description\" content=\"Hier k\u00f6nnen Sie sehen, wer mit mir in der Galerie ausgestellt hat.\" \/>\n<meta name=\"robots\" content=\"index, follow, max-snippet:-1, max-image-preview:large, max-video-preview:-1\" \/>\n<link rel=\"canonical\" href=\"https:\/\/www.ingridslaa.nl\/de\/gastkuenstler\/\" \/>\n<meta property=\"og:locale\" content=\"de_DE\" \/>\n<meta property=\"og:type\" content=\"article\" \/>\n<meta property=\"og:title\" content=\"Ingrid Slaa - Atelier und Galerie - Bildende K\u00fcnstlerin - Gastk\u00fcnstler\" \/>\n<meta property=\"og:description\" content=\"Hier k\u00f6nnen Sie sehen, wer mit mir in der Galerie ausgestellt hat.\" \/>\n<meta property=\"og:url\" content=\"https:\/\/www.ingridslaa.nl\/de\/gastkuenstler\/\" \/>\n<meta property=\"og:site_name\" content=\"Ingrid Slaa\" \/>\n<meta property=\"article:modified_time\" content=\"2025-01-06T09:21:07+00:00\" \/>\n<meta name=\"twitter:card\" content=\"summary_large_image\" \/>\n<meta name=\"twitter:label1\" content=\"Gesch\u00e4tzte Lesezeit\" \/>\n\t<meta name=\"twitter:data1\" content=\"3\u00a0Minuten\" \/>\n<script type=\"application\/ld+json\" class=\"yoast-schema-graph\">{\"@context\":\"https:\\\/\\\/schema.org\",\"@graph\":[{\"@type\":\"WebPage\",\"@id\":\"https:\\\/\\\/www.ingridslaa.nl\\\/de\\\/gastkuenstler\\\/\",\"url\":\"https:\\\/\\\/www.ingridslaa.nl\\\/de\\\/gastkuenstler\\\/\",\"name\":\"Ingrid Slaa - Atelier und Galerie - Bildende K\u00fcnstlerin - Gastk\u00fcnstler\",\"isPartOf\":{\"@id\":\"https:\\\/\\\/www.ingridslaa.nl\\\/de\\\/#website\"},\"datePublished\":\"2022-04-25T18:54:43+00:00\",\"dateModified\":\"2025-01-06T09:21:07+00:00\",\"description\":\"Hier k\u00f6nnen Sie sehen, wer mit mir in der Galerie ausgestellt hat.\",\"breadcrumb\":{\"@id\":\"https:\\\/\\\/www.ingridslaa.nl\\\/de\\\/gastkuenstler\\\/#breadcrumb\"},\"inLanguage\":\"de\",\"potentialAction\":[{\"@type\":\"ReadAction\",\"target\":[\"https:\\\/\\\/www.ingridslaa.nl\\\/de\\\/gastkuenstler\\\/\"]}]},{\"@type\":\"BreadcrumbList\",\"@id\":\"https:\\\/\\\/www.ingridslaa.nl\\\/de\\\/gastkuenstler\\\/#breadcrumb\",\"itemListElement\":[{\"@type\":\"ListItem\",\"position\":1,\"name\":\"Home\",\"item\":\"https:\\\/\\\/www.ingridslaa.nl\\\/de\\\/startseite\\\/\"},{\"@type\":\"ListItem\",\"position\":2,\"name\":\"Ausstellungen in der Galerie\"}]},{\"@type\":\"WebSite\",\"@id\":\"https:\\\/\\\/www.ingridslaa.nl\\\/de\\\/#website\",\"url\":\"https:\\\/\\\/www.ingridslaa.nl\\\/de\\\/\",\"name\":\"Ingrid Slaa\",\"description\":\"\",\"potentialAction\":[{\"@type\":\"SearchAction\",\"target\":{\"@type\":\"EntryPoint\",\"urlTemplate\":\"https:\\\/\\\/www.ingridslaa.nl\\\/de\\\/?s={search_term_string}\"},\"query-input\":{\"@type\":\"PropertyValueSpecification\",\"valueRequired\":true,\"valueName\":\"search_term_string\"}}],\"inLanguage\":\"de\"}]}<\/script>\n<!-- \/ Yoast SEO plugin. -->","yoast_head_json":{"title":"Ingrid Slaa - Atelier und Galerie - Bildende K\u00fcnstlerin - Gastk\u00fcnstler","description":"Hier k\u00f6nnen Sie sehen, wer mit mir in der Galerie ausgestellt hat.","robots":{"index":"index","follow":"follow","max-snippet":"max-snippet:-1","max-image-preview":"max-image-preview:large","max-video-preview":"max-video-preview:-1"},"canonical":"https:\/\/www.ingridslaa.nl\/de\/gastkuenstler\/","og_locale":"de_DE","og_type":"article","og_title":"Ingrid Slaa - Atelier und Galerie - Bildende K\u00fcnstlerin - Gastk\u00fcnstler","og_description":"Hier k\u00f6nnen Sie sehen, wer mit mir in der Galerie ausgestellt hat.","og_url":"https:\/\/www.ingridslaa.nl\/de\/gastkuenstler\/","og_site_name":"Ingrid Slaa","article_modified_time":"2025-01-06T09:21:07+00:00","twitter_card":"summary_large_image","twitter_misc":{"Gesch\u00e4tzte Lesezeit":"3\u00a0Minuten"},"schema":{"@context":"https:\/\/schema.org","@graph":[{"@type":"WebPage","@id":"https:\/\/www.ingridslaa.nl\/de\/gastkuenstler\/","url":"https:\/\/www.ingridslaa.nl\/de\/gastkuenstler\/","name":"Ingrid Slaa - Atelier und Galerie - Bildende K\u00fcnstlerin - Gastk\u00fcnstler","isPartOf":{"@id":"https:\/\/www.ingridslaa.nl\/de\/#website"},"datePublished":"2022-04-25T18:54:43+00:00","dateModified":"2025-01-06T09:21:07+00:00","description":"Hier k\u00f6nnen Sie sehen, wer mit mir in der Galerie ausgestellt hat.","breadcrumb":{"@id":"https:\/\/www.ingridslaa.nl\/de\/gastkuenstler\/#breadcrumb"},"inLanguage":"de","potentialAction":[{"@type":"ReadAction","target":["https:\/\/www.ingridslaa.nl\/de\/gastkuenstler\/"]}]},{"@type":"BreadcrumbList","@id":"https:\/\/www.ingridslaa.nl\/de\/gastkuenstler\/#breadcrumb","itemListElement":[{"@type":"ListItem","position":1,"name":"Home","item":"https:\/\/www.ingridslaa.nl\/de\/startseite\/"},{"@type":"ListItem","position":2,"name":"Ausstellungen in der Galerie"}]},{"@type":"WebSite","@id":"https:\/\/www.ingridslaa.nl\/de\/#website","url":"https:\/\/www.ingridslaa.nl\/de\/","name":"Ingrid Slaa","description":"","potentialAction":[{"@type":"SearchAction","target":{"@type":"EntryPoint","urlTemplate":"https:\/\/www.ingridslaa.nl\/de\/?s={search_term_string}"},"query-input":{"@type":"PropertyValueSpecification","valueRequired":true,"valueName":"search_term_string"}}],"inLanguage":"de"}]}},"_links":{"self":[{"href":"https:\/\/www.ingridslaa.nl\/de\/wp-json\/wp\/v2\/pages\/8560","targetHints":{"allow":["GET"]}}],"collection":[{"href":"https:\/\/www.ingridslaa.nl\/de\/wp-json\/wp\/v2\/pages"}],"about":[{"href":"https:\/\/www.ingridslaa.nl\/de\/wp-json\/wp\/v2\/types\/page"}],"author":[{"embeddable":true,"href":"https:\/\/www.ingridslaa.nl\/de\/wp-json\/wp\/v2\/users\/3"}],"replies":[{"embeddable":true,"href":"https:\/\/www.ingridslaa.nl\/de\/wp-json\/wp\/v2\/comments?post=8560"}],"version-history":[{"count":13,"href":"https:\/\/www.ingridslaa.nl\/de\/wp-json\/wp\/v2\/pages\/8560\/revisions"}],"predecessor-version":[{"id":16218,"href":"https:\/\/www.ingridslaa.nl\/de\/wp-json\/wp\/v2\/pages\/8560\/revisions\/16218"}],"wp:attachment":[{"href":"https:\/\/www.ingridslaa.nl\/de\/wp-json\/wp\/v2\/media?parent=8560"}],"curies":[{"name":"wp","href":"https:\/\/api.w.org\/{rel}","templated":true}]}}